{"version":"1.0","provider_name":"","provider_url":"https:\/\/vogabloga.cafeblog.hu","author_name":"VOGABLOGA","author_url":"https:\/\/vogabloga.cafeblog.hu\/author\/vogabloga\/","title":"Arcpakol\u00e1s ","html":"&nbsp;\r\n\r\nA g\u00f6d\u00f6r\u00e1s\u00e1sb\u00f3l ad\u00f3d\u00f3 konfliktusunk miatt \u00fagy t\u0171nt, hogy Kl\u00e1rika mell\u0151zi kerti tev\u00e9kenys\u00e9g\u00e9t, mert m\u00e1snap, amikor ki\u00e9rtem, nem tal\u00e1lkoztam vele, pedig m\u00e1r magasan j\u00e1rt a Nap.\r\n\r\nKeser\u0171 sz\u00e1j\u00edzzel n\u00e9ztem az el\u0151z\u0151 nap rossz helyre be\u00e1sott betonoszlopot, \u00e9s azon morfond\u00edroztam, hogy vajon milyen m\u00e9lys\u00e9gig b\u00e1nthattam meg any\u00e1mat tegnap.\r\n\r\nLementem a pinc\u00e9be, ittam egyet Kl\u00e1rika \u00f6t \u00e9ves, n\u00e9gy f\u00e9le csemegesz\u0151l\u0151b\u0151l pr\u00e9selt, \u00fcvegben \u00e9rlelt bor\u00e1b\u00f3l, rem\u00e9nykedve abban, hogy ett\u0151l majd ma sem vakulok meg.\r\n\r\nA tegnapi c\u00f6l\u00f6p\u00e1s\u00e1st\u00f3l elkedvetlenedve \u00fagy gondoltam, hogy most ink\u00e1bb egy \u00e9letemet kev\u00e9sb\u00e9 kiolt\u00f3 asztalosmunk\u00e1ba fogok, azt\u00e1n mintegy m\u00e1sf\u00e9l \u00f3r\u00e1s csavarozgat\u00e1s ut\u00e1n v\u00e9geztem is a l\u00e1br\u00e1ccsal.\r\n\r\nKellett m\u00e1r ez nagyon, mert any\u00e1m gyakran panaszkodott, hogy amikor a talajv\u00edz felj\u00f6n a pinc\u00e9ben, kicsit f\u00e9lve szedi \u00f6ssze az \u00e1ram alatt l\u00e9v\u0151 eloszt\u00f3kat a f\u00f6ldr\u0151l. Mondjuk egyszer\u0171bb lett volna, ha gumicsizm\u00e1t h\u00faz, de gondoltam, most ink\u00e1bb a kedv\u00e9re teszek, meg am\u00fagy is im\u00e1dom a g\u00e9pes\u00edtett csavarbehajt\u00f3kat.\r\n\r\n<b>- Istenem, de j\u00f3l siker\u00fclt- <\/b>mondtam magamban, mik\u00f6zben lubickoltam a l\u00e9cek, a csavarok \u00e9s a der\u00e9ksz\u00f6gek tenger\u00e9ben.\r\n\r\nA l\u00e1br\u00e1cs pr\u00f3b\u00e1ja a letev\u00e9s.\r\n\r\nEgy hirtelen mozdulattal megemeltem, \u00e1m meglep\u0151en neh\u00e9znek bizonyult \u00e9s a mintegy h\u00e1rom m\u00e9ter hossz\u00fa asztal is megugrott egy kicsit.\r\n\r\n\u00c1tsuhant az agyamon, hogy az a sz\u00e1znegyvenh\u00e9t facsavar - amit oly gondosan betekertem - mindegyike \u00e1tf\u00far\u00f3dott-e az asztalon. Balsejtelemt\u0151l gy\u00f6t\u00f6rve fek\u00fcdtem al\u00e1 \u00e9s szomor\u00faan nyugt\u00e1ztam, hogy a l\u00e1br\u00e1cs tisztess\u00e9gesen oda van h\u00edmezve.\r\n\r\nEls\u0151 gondolatom az volt, hogy kalap\u00e1ccsal elverem a csavarok v\u00e9g\u00e9t, \u00e9s a fent gy\u00e1rtott eszk\u00f6z majd j\u00f3 lesz keny\u00e9rv\u00e1g\u00e1sn\u00e1l morzsa-leperget\u0151nek. Szerintem ennek is \u00f6r\u00fclne any\u00e1m, de biztosan megk\u00e9rdezn\u00e9, hogy mi m\u00f3don szedje ki al\u00f3la a morzs\u00e1t, \u00e9s k\u00fcl\u00f6nben is hol a l\u00e1br\u00e1cs, amit m\u00e1r r\u00e9g\u00f3ta \u00edg\u00e9rgetek.\r\n\r\n\u00a0<b>- H\u00e1t, itt az asztalon! - <\/b>mondan\u00e1m - <b>Tess\u00e9k felm\u00e1szni r\u00e1!<\/b>\r\n\r\n&nbsp;\r\n\r\nEzt a k\u00e9pzeletbeli jelenetet azt\u00e1n gyorsan elvetettem, \u00e9s \u00f6r\u00f6mmel t\u00f6lt\u00f6tt el, hogy a sz\u00e9tszed\u00e9si munkafolyamat r\u00f6videbbnek bizonyult, mint a bifunkcion\u00e1lis eszk\u00f6z megalkot\u00e1sa, nem besz\u00e9lve arr\u00f3l, hogy meg\u00fasztam egy \u00fajabb veszeked\u00e9st is.\r\n\r\nA sarokba dob\u00e1ltam a l\u00e9ceket \u00e9s f\u00f6lmentem, hogy a sikertelens\u00e9g helysz\u00edn\u00e9t\u0151l min\u00e9l t\u00e1volabb elsz\u00edvjak egy cigarett\u00e1t.\r\n\r\nAhogy k\u00f6zeledtem a kert t\u00fals\u00f3 sark\u00e1ban l\u00e9v\u0151 k\u00f6rtef\u00e1hoz, megr\u00f6k\u00f6ny\u00f6d\u00e9semre any\u00e1mat pillantottam meg, ahogy fekszik a f\u00f6ld\u00f6n egy nagy lapos k\u0151vel az arc\u00e1n.\r\n\r\n<b>-Te j\u00f3 \u00e9g! Mi t\u00f6rt\u00e9nt veled, Kl\u00e1rika? -<\/b> k\u00e9rdeztem riadtan.\r\n\r\nAzt\u00e1n let\u00e9rdeltem mell\u00e9, hogy seg\u00edtsek rajta, de meghallottam, hogy halkan \u00e9s egyenletesen szuszog.\r\n\r\n<b>- Mi ez, valami kerti liturgia? - <\/b>gondoltam, hiszen any\u00e1mnak voltak k\u00fcl\u00f6nleges babon\u00e1i a konyhakerti n\u00f6v\u00e9nyek fejl\u0151d\u00e9se \u00e9rdek\u00e9ben. P\u00e9ld\u00e1ul az uborka elvet\u00e9se ut\u00e1ni sz\u00e1zadik napon bukfencet vetett hajnalban a pal\u00e1nt\u00e1k mellett hetvenvalah\u00e1ny \u00e9ves kor\u00e1ban. Akkor is \u00e9n szedtem \u00f6ssze.\r\n\r\n<b>- Vagy lehet, hogy csak alszik, \u00e9s a k\u00f6vet az\u00e9rt tette az arc\u00e1ra, hogy ne s\u00fcss\u00f6n a szem\u00e9be a Nap?<\/b>\r\n\r\n<b>- Vagy nehez\u00e9k ez a k\u0151? <\/b>- mert f\u00e9lt, hogy \u00fagy j\u00e1r, mint Gabi nagyn\u00e9n\u00e9m<b>, <\/b>aki, amikor az els\u0151 bomb\u00e1t ledobt\u00e1k Budapestre, hirtelen fel\u00fclt \u00e9s csak \u00fagy tudt\u00e1k visszafektetni, hogy a l\u00e1ba \u00e9gnek \u00e1llt.\r\n\r\nSzeg\u00e9ny Gabi n\u00e9ni az\u00f3ta sem tud fekve t\u00e9v\u00e9zni, \u00e9s hogy vigasztaljuk, sokat viccel\u0151dt\u00fcnk vele, hogy legal\u00e1bb majd nem lesz dr\u00e1ga a temet\u00e9s, mert az L- alak\u00fa kopors\u00f3 miatt a sarokparcella sokkal olcs\u00f3bb.\r\n\r\n&nbsp;\r\n\r\nPersze ezek a gondolatok a m\u00e1sodperc t\u00f6rtr\u00e9sze alatt futottak \u00e1t az agyamon \u00e9s \u00fagy d\u00f6nt\u00f6ttem, m\u00e9giscsak leveszem \u00e9n azt a nagy lapos k\u00f6vet az arc\u00e1r\u00f3l.\r\n\r\nEl\u0151j\u00f6ttek gyermekkori f\u00f3bi\u00e1im, amikor att\u00f3l f\u00e9ltem, hogy vajon mi lehet a k\u0151 alatt; \u00e1s\u00f3b\u00e9ka, f\u00fclbem\u00e1sz\u00f3, csiga, f\u00e9reg, minden m\u00e1s? Ahogy leemeltem Kl\u00e1rik\u00e1r\u00f3l az arcpakol\u00e1st, kezdtem gyan\u00edtani, hogy az nem sz\u00e1nd\u00e9kosan ker\u00fclt oda. Any\u00e1m arca a sziv\u00e1rv\u00e1ny \u00f6sszes sz\u00edn\u00e9ben pomp\u00e1zva, \u00fagy n\u00e9zett ki, mintha egy alulfizetett plasztikai seb\u00e9sz, eszk\u00f6z\u00f6k h\u00edj\u00e1n, mind\u00f6ssze egy kis ez\u00fcst kalap\u00e1ccsal dolgozott volna rajta.\r\n\r\nAzt\u00e1n felgyorsultak az esem\u00e9nyek, Kl\u00e1rika hirtelen fel\u00fclt \u00e9s megk\u00e9rdezte, hogy h\u00e1ny \u00f3ra.\r\n\r\n<b>- Hat k\u00f6r\u00fcl lehet - <\/b>mondtam \u00e9s felseg\u00edtettem.\r\n\r\n<b>- Te h\u00e1nykor j\u00f6tt\u00e9l ki - <\/b>k\u00e9rdeztem t\u0151le, hogy oldjam a fesz\u00fclts\u00e9get.\r\n\r\n<b>- \u00c9n f\u00e9l hatkor -<\/b> v\u00e1laszolta \u00e9s m\u00e1r ott is akart hagyni, amikor felh\u00edvtam a figyelm\u00e9t, hogy a Nap m\u00e1r a m\u00e1sik oldalon van.\r\n\r\nAzt\u00e1n \u00edgy, hogy sz\u00f3ba elegyedt\u00fcnk, hamarosan kider\u00fclt, hogy nagyj\u00e1b\u00f3l tizenk\u00e9t \u00f3r\u00e1t fek\u00fcdt a k\u00f6rtefa \u00e1rny\u00e9k\u00e1ban a kis k\u0151pakol\u00e1ssal az arc\u00e1n.\r\n\r\nAny\u00e1m feln\u00e9zett a f\u00e1ra, \u00e9s \u00e9n k\u00f6vetve a tekintet\u00e9t, egyb\u0151l meg\u00e9rtettem, hogy mi t\u00f6rt\u00e9nt.\r\n\r\n\u0150 ugyanis, dacolva a term\u00e9szettel, a felfel\u00e9 t\u00f6rekv\u0151 \u00e1gakra rongyba csavart k\u00f6veket aggatott \u0151sszel, hogy azok az \u0151 \u00e1ltala megszabott ir\u00e1nyba fejl\u0151djenek.\r\n\r\nAzt\u00e1n j\u00f6tt a t\u00e9l \u00e9s a k\u0151batyuk foszl\u00e1snak indulva, tavasszal elengedt\u00e9k terh\u00fcket.\r\n\r\nKl\u00e1rika minden reggel \u00fagy kezdi a napot, hogy k\u00f6rbej\u00e1r a kertben, besz\u00e9lget a n\u00f6v\u00e9nyekkel \u00e9s egy ilyen \u201ek\u00e9k t\u00fara\u201d alkalm\u00e1val eshetett meg vele, hogy a k\u00f6rtefa visszasz\u00f3lt.\r\n\r\nAhogy rekonstru\u00e1ltuk az esem\u00e9nyeket, egyre nagyobbakat nyer\u00edtett\u00fcnk. \u00c9n az el\u0151z\u0151 nap sz\u00e9nn\u00e9 \u00e9gett seggemet f\u00e1jlaltam, \u0151 meg a cip\u00f3szer\u0171 \u00e1br\u00e1zat\u00e1t m\u00e9ricsk\u00e9lte egy v\u00f6d\u00f6r v\u00edzben. Azt\u00e1n \u00fcld\u00f6g\u00e9lt\u00fcnk m\u00e9g egy darabig, \u00f6r\u00fclve hossz\u00fa \u00e1rny\u00e9kunknak \u00e9s annak, hogy ezt a napot is meg\u00fasztuk k\u00fcl\u00f6n\u00f6sebb probl\u00e9m\u00e1k n\u00e9lk\u00fcl.\r\n\r\n&nbsp;","type":"rich"}